{"id":8988,"date":"2025-01-15T12:03:36","date_gmt":"2025-01-15T11:03:36","guid":{"rendered":"https:\/\/villavieira.es\/bedingungen-fuer-die-nutzung\/"},"modified":"2026-02-06T11:07:00","modified_gmt":"2026-02-06T10:07:00","slug":"bedingungen-fuer-die-nutzung","status":"publish","type":"page","link":"https:\/\/villavieira.es\/de\/bedingungen-fuer-die-nutzung\/","title":{"rendered":"Bedingungen f\u00fcr die Nutzung"},"content":{"rendered":"\t\t<div data-elementor-type=\"wp-page\" data-elementor-id=\"8988\" class=\"elementor elementor-8988 elementor-6991\" data-elementor-post-type=\"page\">\n\t\t\t\t<div class=\"elementor-element elementor-element-7ee33a02 e-flex e-con-boxed e-con e-parent\" data-id=\"7ee33a02\" data-element_type=\"container\">\n\t\t\t\t\t<div class=\"e-con-inner\">\n\t\t\t\t<div class=\"elementor-element elementor-element-1f75eabc elementor-widget elementor-widget-text-editor\" data-id=\"1f75eabc\" data-element_type=\"widget\" data-widget_type=\"text-editor.default\">\n\t\t\t\t<div class=\"elementor-widget-container\">\n\t\t\t\t\t\t\t\t\t<h2><span style=\"text-align: var(--text-align); font-size: 1rem;\">Die Formulierung und Best\u00e4tigung der Reservierung impliziert die Annahme der vorliegenden Bedingungen und Regeln der Herberge.<\/span><\/h2><div><span style=\"text-align: var(--text-align); font-size: 1rem;\"><br><\/span><\/div><div><h4><span style=\"text-align: var(--text-align); font-size: 1rem;\">Wir:<\/span><\/h4><\/div>\n<p><\/p>\n<ul style=\"-webkit-font-smoothing: antialiased; margin: 0px 0px 15px 30px; padding: 0px; font-width: inherit; font-size: 14px; line-height: inherit; font-family: Poppins, Helvetica, Arial, sans-serif; font-size-adjust: inherit; font-kerning: inherit; font-variant-alternates: inherit; font-variant-ligatures: inherit; font-variant-numeric: inherit; font-variant-east-asian: inherit; font-variant-position: inherit; font-feature-settings: inherit; font-optical-sizing: inherit; font-variation-settings: inherit; list-style: outside; color: #737e86;\">\n<li style=\"box-sizing: inherit; -webkit-font-smoothing: antialiased; margin: 0px 0px 10px; padding: 0px; font-style: inherit; font-variant-caps: inherit; font-width: inherit; font-size: inherit; line-height: inherit; font-family: inherit; font-size-adjust: inherit; font-kerning: inherit; font-variant-alternates: inherit; font-variant-ligatures: inherit; font-variant-numeric: inherit; font-variant-east-asian: inherit; font-variant-position: inherit; font-feature-settings: inherit; font-optical-sizing: inherit; font-variation-settings: inherit;\">\n<div><b>HANDELSNAME<\/b>: VILLA VIEIRA<\/div>\n<\/li>\n<li style=\"box-sizing: inherit; -webkit-font-smoothing: antialiased; margin: 0px 0px 10px; padding: 0px; font-style: inherit; font-variant-caps: inherit; font-width: inherit; font-size: inherit; line-height: inherit; font-family: inherit; font-size-adjust: inherit; font-kerning: inherit; font-variant-alternates: inherit; font-variant-ligatures: inherit; font-variant-numeric: inherit; font-variant-east-asian: inherit; font-variant-position: inherit; font-feature-settings: inherit; font-optical-sizing: inherit; font-variation-settings: inherit;\">\n<div><b>NAME DES UNTERNEHMENS<\/b>: CAMI\u00d1O DA VIEIRA S.L.<\/div>\n<\/li>\n<li style=\"box-sizing: inherit; -webkit-font-smoothing: antialiased; margin: 0px 0px 10px; padding: 0px; font-style: inherit; font-variant-caps: inherit; font-width: inherit; font-size: inherit; line-height: inherit; font-family: inherit; font-size-adjust: inherit; font-kerning: inherit; font-variant-alternates: inherit; font-variant-ligatures: inherit; font-variant-numeric: inherit; font-variant-east-asian: inherit; font-variant-position: inherit; font-feature-settings: inherit; font-optical-sizing: inherit; font-variation-settings: inherit;\">\n<div><b>CIF <\/b>: B13645114<\/div>\n<\/li>\n<li style=\"box-sizing: inherit; -webkit-font-smoothing: antialiased; margin: 0px 0px 10px; padding: 0px; font-style: inherit; font-variant-caps: inherit; font-width: inherit; font-size: inherit; line-height: inherit; font-family: inherit; font-size-adjust: inherit; font-kerning: inherit; font-variant-alternates: inherit; font-variant-ligatures: inherit; font-variant-numeric: inherit; font-variant-east-asian: inherit; font-variant-position: inherit; font-feature-settings: inherit; font-optical-sizing: inherit; font-variation-settings: inherit;\">\n<div><b>ADRESSE DER HERBERGE<\/b>: ESCRAVITUDE 31 &#8211; 15980 &#8211; PADRON &#8211; A CORU\u00d1A<\/div>\n<\/li>\n<\/ul>\n<h3><br><\/h3><h3>Reservierung und Stornierung<\/h3>\n<ul>\n<li>Alle Preise enthalten die Mehrwertsteuer.<\/li>\n<li>Um online zu buchen, muss der Karteninhaber \u00fcber 18 Jahre alt sein.<\/li>\n<li>Der Inhaber ist f\u00fcr die Richtigkeit der bei der Buchung angegebenen Daten verantwortlich.<\/li>\n<li>W\u00e4hrend des Buchungsvorgangs werden Browsing-Daten gesammelt (siehe Cookie-Richtlinie).<\/li>\n<li><strong>Check-in-Zeitplan:<\/strong> Ab 15:00 Uhr. Wenn Sie fr\u00fcher ankommen, k\u00f6nnen Sie in den Gemeinschaftsr\u00e4umen oder drau\u00dfen warten. <\/li>\n<li><strong>Check-out-Zeitplan:<\/strong> Bis 10:00 Uhr.<\/li>\n<li><strong>Betriebsmonate:<\/strong> April bis Oktober.<\/li>\n<li>Wir verwalten Ihre Daten f\u00fcr Buchungen, Rechnungen und rechtliche Verpflichtungen (siehe Datenschutzrichtlinie).<\/li>\n<li>Die gebuchten Betten befinden sich in gemischten Mehrbettzimmern; die Villa Vieira weist das jeweilige Bett entsprechend der internen Organisation zu.<\/li>\n<li>Die Buchung wird nach der Best\u00e4tigung auf dem Bildschirm und per E-Mail wirksam.<\/li>\n<li>Sie k\u00f6nnen vor Ihrer Ankunft <strong>online einchecken<\/strong>; ein elektronischer Zugangscode wird Ihnen zugesandt.<\/li>\n<li>Beim Online-Check-in ist ein g\u00fcltiges Ausweisdokument erforderlich.<\/li>\n<li>Wenn der Kunde den Platz nicht vor 18:00 Uhr ohne Vorank\u00fcndigung in Anspruch nimmt, wird die Buchung storniert und der gezahlte Betrag verf\u00e4llt.<\/li>\n<li><strong>Stornierungsbedingungen:<\/strong>\n<ul>\n<li>Stornierung mehr als 7 Tage im Voraus: 100% Erstattung.<\/li>\n<li>Stornierung innerhalb von 7 Tagen oder weniger: Verlust des gezahlten Betrags.<\/li>\n<\/ul>\n<\/li>\n<\/ul>\n<h3>&nbsp;<\/h3>\n<h3>Regeln des Zusammenlebens und Herbergsordnung<\/h3>\n<ul>\n<li>Die Zimmer sind mit Bettw\u00e4sche, Handt\u00fcchern und einer kostenlosen Flasche Wasser ausgestattet.<\/li>\n<li>Gemeinsame B\u00e4der zur individuellen Nutzung.<\/li>\n<li>T\u00e4gliche Reinigung der Einrichtungen.<\/li>\n<li>Erneuerung der Bettw\u00e4sche und Handt\u00fccher nach der Abreise oder alle drei N\u00e4chte.<\/li>\n<li>F\u00fcr Besch\u00e4digung, Verschlechterung oder Diebstahl muss Ersatz geleistet werden.<\/li>\n<li>Respektvolles Verhalten ist Pflicht.<\/li>\n<li>Ruhezeiten in den Zimmern: von 22:00 bis 8:00 Uhr. Ruhezeiten insgesamt: von 23:00 bis 8:00 Uhr. <\/li>\n<li>Rauchen in Innenr\u00e4umen verboten.<\/li>\n<li>In den Zimmern d\u00fcrfen keine Lebensmittel gelagert\/gegessen werden.<\/li>\n<li>Das Fr\u00fchst\u00fccksbuffet ist im Preis inbegriffen.<\/li>\n<li>Verantwortungsvoller Umgang mit K\u00fcche und W\u00e4scherei; Utensilien m\u00fcssen nach Gebrauch sauber hinterlassen werden.<\/li>\n<li>Der K\u00fcchendienst ist ausschlie\u00dflich f\u00fcr G\u00e4ste da.<\/li>\n<li>Kostenloses Wi-Fi im gesamten Haus.<\/li>\n<li>Es ist verboten, die M\u00f6bel zu ver\u00e4ndern oder Gegenst\u00e4nde nach drau\u00dfen zu bringen.<\/li>\n<li>Die Besch\u00e4digung oder der Diebstahl von Textilien wird bestraft (6\u20ac\/Einheit).<\/li>\n<li>Wir haben einen Erste-Hilfe-Kasten.<\/li>\n<li>Besucher sind nur mit ausdr\u00fccklicher Genehmigung erlaubt.<\/li>\n<li>Haustiere sind nicht erlaubt.<\/li>\n<\/ul>\n<h3>&nbsp;<\/h3>\n<h3>Benutzerrechte<\/h3>\n<ul>\n<li>Nutzung der Einrichtungen zu den vertraglich vereinbarten Bedingungen.<\/li>\n<li>Sie erhalten klare Informationen und Belege.<\/li>\n<li>Formulieren Sie Beschwerden oder Anspr\u00fcche (Beschwerdeformular verf\u00fcgbar).<\/li>\n<\/ul>\n<h3>&nbsp;<\/h3>\n<h3>Verpflichtungen der Benutzer<\/h3>\n<ul>\n<li>Beachten Sie die internen Vorschriften.<\/li>\n<li>Nutzen Sie die Einrichtungen gut und melden Sie Zwischenf\u00e4lle.<\/li>\n<li>Respektieren Sie andere G\u00e4ste und das Herbergspersonal.<\/li>\n<li>Bezahlen Sie f\u00fcr die vertraglich vereinbarten Dienstleistungen.<\/li>\n<li>Halten Sie die festgelegten Zeitpl\u00e4ne ein.<\/li>\n<\/ul>\n<h3>&nbsp;<\/h3>\n<h3>Reklamationen<\/h3>\n<p>Es ist ein Beschwerdebuch verf\u00fcgbar. Benutzer m\u00fcssen sich mit ihrem Personalausweis oder Reisepass ausweisen, um ihre Beschwerde zu formalisieren. <\/p>\n<h3>&nbsp;<\/h3>\n<h3>Unterbringung von Haustieren<\/h3>\n<p><span style=\"text-align: var(--text-align); font-size: 1rem;\">Haustiere sind in unseren R\u00e4umlichkeiten nicht erlaubt.<\/span><\/p>\t\t\t\t\t\t\t\t<\/div>\n\t\t\t\t<\/div>\n\t\t\t\t\t<\/div>\n\t\t\t\t<\/div>\n\t\t\t\t<\/div>\n\t\t","protected":false},"excerpt":{"rendered":"<p>Die Formulierung und Best\u00e4tigung der Reservierung impliziert die Annahme der vorliegenden Bedingungen und Regeln der Herberge. Wir: HANDELSNAME: VILLA VIEIRA NAME DES UNTERNEHMENS: CAMI\u00d1O DA VIEIRA S.L. CIF : B13645114 ADRESSE DER HERBERGE: ESCRAVITUDE 31 &#8211; 15980 &#8211; PADRON &#8211; A CORU\u00d1A Reservierung und Stornierung Alle Preise enthalten die Mehrwertsteuer. Um online zu buchen, muss [&hellip;]<\/p>\n","protected":false},"author":1,"featured_media":0,"parent":0,"menu_order":0,"comment_status":"closed","ping_status":"closed","template":"","meta":{"_acf_changed":false,"footnotes":""},"class_list":["post-8988","page","type-page","status-publish","hentry"],"acf":[],"_links":{"self":[{"href":"https:\/\/villavieira.es\/de\/wp-json\/wp\/v2\/pages\/8988","targetHints":{"allow":["GET"]}}],"collection":[{"href":"https:\/\/villavieira.es\/de\/wp-json\/wp\/v2\/pages"}],"about":[{"href":"https:\/\/villavieira.es\/de\/wp-json\/wp\/v2\/types\/page"}],"author":[{"embeddable":true,"href":"https:\/\/villavieira.es\/de\/wp-json\/wp\/v2\/users\/1"}],"replies":[{"embeddable":true,"href":"https:\/\/villavieira.es\/de\/wp-json\/wp\/v2\/comments?post=8988"}],"version-history":[{"count":2,"href":"https:\/\/villavieira.es\/de\/wp-json\/wp\/v2\/pages\/8988\/revisions"}],"predecessor-version":[{"id":9218,"href":"https:\/\/villavieira.es\/de\/wp-json\/wp\/v2\/pages\/8988\/revisions\/9218"}],"wp:attachment":[{"href":"https:\/\/villavieira.es\/de\/wp-json\/wp\/v2\/media?parent=8988"}],"curies":[{"name":"wp","href":"https:\/\/api.w.org\/{rel}","templated":true}]}}