{"id":8910,"date":"2024-12-20T08:39:22","date_gmt":"2024-12-20T07:39:22","guid":{"rendered":"https:\/\/villavieira.es\/politique-de-confidentialite\/"},"modified":"2026-02-06T10:59:20","modified_gmt":"2026-02-06T09:59:20","slug":"politique-de-confidentialite","status":"publish","type":"page","link":"https:\/\/villavieira.es\/fr\/politique-de-confidentialite\/","title":{"rendered":"Politique de confidentialit\u00e9"},"content":{"rendered":"\t\t<div data-elementor-type=\"wp-page\" data-elementor-id=\"8910\" class=\"elementor elementor-8910 elementor-3\" data-elementor-post-type=\"page\">\n\t\t\t\t<div class=\"elementor-element elementor-element-5f1e88a4 e-flex e-con-boxed e-con e-parent\" data-id=\"5f1e88a4\" data-element_type=\"container\">\n\t\t\t\t\t<div class=\"e-con-inner\">\n\t\t\t\t<div class=\"elementor-element elementor-element-5579c765 elementor-widget elementor-widget-text-editor\" data-id=\"5579c765\" data-element_type=\"widget\" data-widget_type=\"text-editor.default\">\n\t\t\t\t<div class=\"elementor-widget-container\">\n\t\t\t\t\t\t\t\t\t<section><h1><span style=\"font-family: inherit; font-size: 2rem; text-align: var(--text-align);\">Qui sommes-nous ?<\/span><\/h1><p>L&rsquo;adresse de notre site web est la suivante <a href=\"https:\/\/villavieira.es\/fr\/\" target=\"_blank\" rel=\"noopener\">: https:\/\/villavieira.es.<\/a><\/p><p> <\/p><ul style=\"-webkit-font-smoothing: antialiased; margin: 0px 0px 15px 30px; padding: 0px; font-width: inherit; font-size: 14px; line-height: inherit; font-family: Poppins, Helvetica, Arial, sans-serif; font-size-adjust: inherit; font-kerning: inherit; font-variant-alternates: inherit; font-variant-ligatures: inherit; font-variant-numeric: inherit; font-variant-east-asian: inherit; font-variant-position: inherit; font-feature-settings: inherit; font-optical-sizing: inherit; font-variation-settings: inherit; list-style: outside; color: #737e86;\"><li style=\"box-sizing: inherit; -webkit-font-smoothing: antialiased; margin: 0px 0px 10px; padding: 0px; font-style: inherit; font-variant-caps: inherit; font-width: inherit; font-size: inherit; line-height: inherit; font-family: inherit; font-size-adjust: inherit; font-kerning: inherit; font-variant-alternates: inherit; font-variant-ligatures: inherit; font-variant-numeric: inherit; font-variant-east-asian: inherit; font-variant-position: inherit; font-feature-settings: inherit; font-optical-sizing: inherit; font-variation-settings: inherit;\"><div><b>NOM COMMERCIAL<\/b>: VILLA VIEIRA<\/div><\/li><li style=\"box-sizing: inherit; -webkit-font-smoothing: antialiased; margin: 0px 0px 10px; padding: 0px; font-style: inherit; font-variant-caps: inherit; font-width: inherit; font-size: inherit; line-height: inherit; font-family: inherit; font-size-adjust: inherit; font-kerning: inherit; font-variant-alternates: inherit; font-variant-ligatures: inherit; font-variant-numeric: inherit; font-variant-east-asian: inherit; font-variant-position: inherit; font-feature-settings: inherit; font-optical-sizing: inherit; font-variation-settings: inherit;\"><div><b>RAISON SOCIALE<\/b>: CAMI\u00d1O DA VIEIRA S.L.<\/div><\/li><li style=\"box-sizing: inherit; -webkit-font-smoothing: antialiased; margin: 0px 0px 10px; padding: 0px; font-style: inherit; font-variant-caps: inherit; font-width: inherit; font-size: inherit; line-height: inherit; font-family: inherit; font-size-adjust: inherit; font-kerning: inherit; font-variant-alternates: inherit; font-variant-ligatures: inherit; font-variant-numeric: inherit; font-variant-east-asian: inherit; font-variant-position: inherit; font-feature-settings: inherit; font-optical-sizing: inherit; font-variation-settings: inherit;\"><div><b>CIF <\/b>: B13645114<\/div><\/li><li style=\"box-sizing: inherit; -webkit-font-smoothing: antialiased; margin: 0px 0px 10px; padding: 0px; font-style: inherit; font-variant-caps: inherit; font-width: inherit; font-size: inherit; line-height: inherit; font-family: inherit; font-size-adjust: inherit; font-kerning: inherit; font-variant-alternates: inherit; font-variant-ligatures: inherit; font-variant-numeric: inherit; font-variant-east-asian: inherit; font-variant-position: inherit; font-feature-settings: inherit; font-optical-sizing: inherit; font-variation-settings: inherit;\"><div><b>ADRESSE DE L&rsquo;AUBERGE<\/b>: ESCRAVITUDE 31 &#8211; 15980 &#8211; PADRON &#8211; A CORU\u00d1A<\/div><\/li><\/ul><h2> <\/h2><h2>Commentaires<\/h2><p>Lorsque les visiteurs laissent des commentaires sur le site, nous recueillons les donn\u00e9es affich\u00e9es dans le formulaire de commentaire, ainsi que l&rsquo;adresse IP du visiteur et la cha\u00eene de l&rsquo;agent utilisateur du navigateur, afin de faciliter la d\u00e9tection des spams.<\/p><p>Une cha\u00eene anonyme cr\u00e9\u00e9e \u00e0 partir de votre adresse \u00e9lectronique (\u00e9galement appel\u00e9e \u00ab\u00a0hash\u00a0\u00bb) peut \u00eatre fournie au service Gravatar pour v\u00e9rifier si vous l&rsquo;utilisez. La politique de confidentialit\u00e9 de Gravatar est disponible ici <a href=\"https:\/\/automattic.com\/privacy\/\" target=\"_blank\" rel=\"noopener\">: https:\/\/automattic.com\/privacy\/.<\/a> Une fois votre commentaire approuv\u00e9, votre photo de profil sera visible par le public dans le contexte de votre commentaire.  <\/p><h2> <\/h2><h2>Les m\u00e9dias<\/h2><p>Si vous t\u00e9l\u00e9chargez des images sur le site web, vous devez \u00e9viter de t\u00e9l\u00e9charger des images contenant des donn\u00e9es de localisation (EXIF GPS). Les visiteurs du site peuvent t\u00e9l\u00e9charger et extraire les donn\u00e9es de localisation des images publi\u00e9es sur le site. <\/p><h2> <\/h2><h2>Cookies<\/h2><p>Si vous laissez un commentaire sur notre site, vous pouvez choisir d&rsquo;enregistrer votre nom, votre adresse \u00e9lectronique et votre site web dans des cookies. C&rsquo;est pour votre commodit\u00e9, afin que vous n&rsquo;ayez pas \u00e0 remplir \u00e0 nouveau vos coordonn\u00e9es lorsque vous laissez un autre commentaire. Ces cookies ont une dur\u00e9e de vie d&rsquo;un an.  <\/p><p>Si vous visitez notre page de connexion, un cookie temporaire sera install\u00e9 pour d\u00e9terminer si votre navigateur accepte les cookies. Ce cookie ne contient aucune donn\u00e9e personnelle et est supprim\u00e9 lorsque vous fermez votre navigateur. <\/p><p>Lorsque vous vous connectez, nous installons \u00e9galement plusieurs cookies pour stocker vos informations de connexion et vos options d&rsquo;affichage. Les cookies de connexion ont une dur\u00e9e de vie de deux jours et les cookies d&rsquo;options d&rsquo;affichage ont une dur\u00e9e de vie d&rsquo;un an. Si vous s\u00e9lectionnez \u00ab\u00a0Se souvenir de moi\u00a0\u00bb, vos informations de connexion seront conserv\u00e9es pendant deux semaines. Lorsque vous vous d\u00e9connectez, vos cookies de connexion sont supprim\u00e9s.   <\/p><p>Si vous modifiez ou publiez un article, un cookie suppl\u00e9mentaire sera enregistr\u00e9 dans votre navigateur. Ce cookie ne contient aucune donn\u00e9e personnelle et indique simplement l&rsquo;identifiant de l&rsquo;article que vous venez de modifier. Il expire apr\u00e8s un jour.  <\/p><h2> <\/h2><h2>Contenu int\u00e9gr\u00e9 d&rsquo;autres sites web<\/h2><p>Les articles de ce site web peuvent contenir du contenu int\u00e9gr\u00e9 (par exemple des vid\u00e9os, des images, des articles, etc.). Le contenu int\u00e9gr\u00e9 provenant d&rsquo;autres sites web se comporte exactement de la m\u00eame mani\u00e8re que si le visiteur avait visit\u00e9 l&rsquo;autre site web. <\/p><p>Ces sites peuvent collecter des donn\u00e9es vous concernant, utiliser des cookies, int\u00e9grer un suivi suppl\u00e9mentaire de la part de tiers et surveiller votre interaction avec ce contenu int\u00e9gr\u00e9, y compris votre interaction si vous avez un compte et que vous \u00eates connect\u00e9 \u00e0 ce site.<\/p><h2> <\/h2><h2>Avec qui partageons-nous vos donn\u00e9es ?<\/h2><p>Si vous demandez une r\u00e9initialisation de votre mot de passe, votre adresse IP sera incluse dans l&rsquo;e-mail de r\u00e9initialisation.<\/p><h2> <\/h2><h2>Dur\u00e9e de conservation de vos donn\u00e9es<\/h2><p>Si vous laissez un commentaire, celui-ci et ses m\u00e9tadonn\u00e9es sont conserv\u00e9s ind\u00e9finiment. Cela permet de reconna\u00eetre et d&rsquo;approuver automatiquement les commentaires successifs plut\u00f4t que de les laisser dans une file d&rsquo;attente de mod\u00e9ration. <\/p><p>Pour les utilisateurs qui s&rsquo;inscrivent sur notre site web (le cas \u00e9ch\u00e9ant), nous stockons \u00e9galement les informations personnelles qu&rsquo;ils fournissent dans leur profil d&rsquo;utilisateur. Tous les utilisateurs peuvent consulter, modifier ou supprimer leurs informations personnelles \u00e0 tout moment (\u00e0 l&rsquo;exception de leur nom d&rsquo;utilisateur). Les administrateurs du site peuvent \u00e9galement consulter et modifier ces informations.  <\/p><h2> <\/h2><h2>Quels sont vos droits sur vos donn\u00e9es ?<\/h2><p>Si vous avez un compte sur ce site web ou si vous avez laiss\u00e9 des commentaires, vous pouvez demander \u00e0 recevoir un fichier export\u00e9 des donn\u00e9es personnelles que nous d\u00e9tenons \u00e0 votre sujet, y compris toutes les donn\u00e9es que vous nous avez fournies. Vous pouvez \u00e9galement nous demander de supprimer toutes les donn\u00e9es \u00e0 caract\u00e8re personnel que nous d\u00e9tenons \u00e0 votre sujet. Cela n&rsquo;inclut pas les donn\u00e9es que nous sommes tenus de conserver \u00e0 des fins administratives, juridiques ou de s\u00e9curit\u00e9.  <\/p><h2> <\/h2><h2>O\u00f9 nous envoyons vos donn\u00e9es<\/h2><p>Les commentaires des visiteurs peuvent \u00eatre v\u00e9rifi\u00e9s par un service de d\u00e9tection automatique des spams.<\/p><\/section>\t\t\t\t\t\t\t\t<\/div>\n\t\t\t\t<\/div>\n\t\t\t\t\t<\/div>\n\t\t\t\t<\/div>\n\t\t\t\t<\/div>\n\t\t","protected":false},"excerpt":{"rendered":"<p>Qui sommes-nous ? L&rsquo;adresse de notre site web est la suivante : https:\/\/villavieira.es. NOM COMMERCIAL: VILLA VIEIRA RAISON SOCIALE: CAMI\u00d1O DA VIEIRA S.L. CIF : B13645114 ADRESSE DE L&rsquo;AUBERGE: ESCRAVITUDE 31 &#8211; 15980 &#8211; PADRON &#8211; A CORU\u00d1A Commentaires Lorsque les visiteurs laissent des commentaires sur le site, nous recueillons les donn\u00e9es affich\u00e9es dans le [&hellip;]<\/p>\n","protected":false},"author":1,"featured_media":0,"parent":0,"menu_order":0,"comment_status":"closed","ping_status":"closed","template":"","meta":{"_acf_changed":false,"footnotes":""},"class_list":["post-8910","page","type-page","status-publish","hentry"],"acf":[],"_links":{"self":[{"href":"https:\/\/villavieira.es\/fr\/wp-json\/wp\/v2\/pages\/8910","targetHints":{"allow":["GET"]}}],"collection":[{"href":"https:\/\/villavieira.es\/fr\/wp-json\/wp\/v2\/pages"}],"about":[{"href":"https:\/\/villavieira.es\/fr\/wp-json\/wp\/v2\/types\/page"}],"author":[{"embeddable":true,"href":"https:\/\/villavieira.es\/fr\/wp-json\/wp\/v2\/users\/1"}],"replies":[{"embeddable":true,"href":"https:\/\/villavieira.es\/fr\/wp-json\/wp\/v2\/comments?post=8910"}],"version-history":[{"count":2,"href":"https:\/\/villavieira.es\/fr\/wp-json\/wp\/v2\/pages\/8910\/revisions"}],"predecessor-version":[{"id":9212,"href":"https:\/\/villavieira.es\/fr\/wp-json\/wp\/v2\/pages\/8910\/revisions\/9212"}],"wp:attachment":[{"href":"https:\/\/villavieira.es\/fr\/wp-json\/wp\/v2\/media?parent=8910"}],"curies":[{"name":"wp","href":"https:\/\/api.w.org\/{rel}","templated":true}]}}