{"id":8982,"date":"2025-01-15T12:03:36","date_gmt":"2025-01-15T11:03:36","guid":{"rendered":"https:\/\/villavieira.es\/conditions-dutilisation\/"},"modified":"2026-02-06T11:05:00","modified_gmt":"2026-02-06T10:05:00","slug":"conditions-dutilisation","status":"publish","type":"page","link":"https:\/\/villavieira.es\/fr\/conditions-dutilisation\/","title":{"rendered":"Conditions d&rsquo;utilisation"},"content":{"rendered":"\t\t<div data-elementor-type=\"wp-page\" data-elementor-id=\"8982\" class=\"elementor elementor-8982 elementor-6991\" data-elementor-post-type=\"page\">\n\t\t\t\t<div class=\"elementor-element elementor-element-7ee33a02 e-flex e-con-boxed e-con e-parent\" data-id=\"7ee33a02\" data-element_type=\"container\">\n\t\t\t\t\t<div class=\"e-con-inner\">\n\t\t\t\t<div class=\"elementor-element elementor-element-1f75eabc elementor-widget elementor-widget-text-editor\" data-id=\"1f75eabc\" data-element_type=\"widget\" data-widget_type=\"text-editor.default\">\n\t\t\t\t<div class=\"elementor-widget-container\">\n\t\t\t\t\t\t\t\t\t<h2><span style=\"text-align: var(--text-align); font-size: 1rem;\">La formulation et la confirmation de la r\u00e9servation impliquent l&rsquo;acceptation des pr\u00e9sentes conditions et r\u00e8gles de l&rsquo;auberge.<\/span><\/h2><div><span style=\"text-align: var(--text-align); font-size: 1rem;\"><br><\/span><\/div><div><h4><span style=\"text-align: var(--text-align); font-size: 1rem;\">Nous :<\/span><\/h4><\/div>\n<p><\/p>\n<ul style=\"-webkit-font-smoothing: antialiased; margin: 0px 0px 15px 30px; padding: 0px; font-width: inherit; font-size: 14px; line-height: inherit; font-family: Poppins, Helvetica, Arial, sans-serif; font-size-adjust: inherit; font-kerning: inherit; font-variant-alternates: inherit; font-variant-ligatures: inherit; font-variant-numeric: inherit; font-variant-east-asian: inherit; font-variant-position: inherit; font-feature-settings: inherit; font-optical-sizing: inherit; font-variation-settings: inherit; list-style: outside; color: #737e86;\">\n<li style=\"box-sizing: inherit; -webkit-font-smoothing: antialiased; margin: 0px 0px 10px; padding: 0px; font-style: inherit; font-variant-caps: inherit; font-width: inherit; font-size: inherit; line-height: inherit; font-family: inherit; font-size-adjust: inherit; font-kerning: inherit; font-variant-alternates: inherit; font-variant-ligatures: inherit; font-variant-numeric: inherit; font-variant-east-asian: inherit; font-variant-position: inherit; font-feature-settings: inherit; font-optical-sizing: inherit; font-variation-settings: inherit;\">\n<div><b>NOM COMMERCIAL<\/b>: VILLA VIEIRA<\/div>\n<\/li>\n<li style=\"box-sizing: inherit; -webkit-font-smoothing: antialiased; margin: 0px 0px 10px; padding: 0px; font-style: inherit; font-variant-caps: inherit; font-width: inherit; font-size: inherit; line-height: inherit; font-family: inherit; font-size-adjust: inherit; font-kerning: inherit; font-variant-alternates: inherit; font-variant-ligatures: inherit; font-variant-numeric: inherit; font-variant-east-asian: inherit; font-variant-position: inherit; font-feature-settings: inherit; font-optical-sizing: inherit; font-variation-settings: inherit;\">\n<div><b>RAISON SOCIALE<\/b>: CAMI\u00d1O DA VIEIRA S.L.<\/div>\n<\/li>\n<li style=\"box-sizing: inherit; -webkit-font-smoothing: antialiased; margin: 0px 0px 10px; padding: 0px; font-style: inherit; font-variant-caps: inherit; font-width: inherit; font-size: inherit; line-height: inherit; font-family: inherit; font-size-adjust: inherit; font-kerning: inherit; font-variant-alternates: inherit; font-variant-ligatures: inherit; font-variant-numeric: inherit; font-variant-east-asian: inherit; font-variant-position: inherit; font-feature-settings: inherit; font-optical-sizing: inherit; font-variation-settings: inherit;\">\n<div><b>CIF <\/b>: B13645114<\/div>\n<\/li>\n<li style=\"box-sizing: inherit; -webkit-font-smoothing: antialiased; margin: 0px 0px 10px; padding: 0px; font-style: inherit; font-variant-caps: inherit; font-width: inherit; font-size: inherit; line-height: inherit; font-family: inherit; font-size-adjust: inherit; font-kerning: inherit; font-variant-alternates: inherit; font-variant-ligatures: inherit; font-variant-numeric: inherit; font-variant-east-asian: inherit; font-variant-position: inherit; font-feature-settings: inherit; font-optical-sizing: inherit; font-variation-settings: inherit;\">\n<div><b>ADRESSE DE L&rsquo;AUBERGE<\/b>: ESCRAVITUDE 31 &#8211; 15980 &#8211; PADRON &#8211; A CORU\u00d1A<\/div>\n<\/li>\n<\/ul>\n<h3><br><\/h3><h3>R\u00e9servation et annulation<\/h3>\n<ul>\n<li>Tous les prix s&rsquo;entendent TVA comprise.<\/li>\n<li>Pour r\u00e9server en ligne, le titulaire de la carte doit \u00eatre \u00e2g\u00e9 de plus de 18 ans.<\/li>\n<li>Le titulaire est responsable de la v\u00e9racit\u00e9 des donn\u00e9es fournies lors de la r\u00e9servation.<\/li>\n<li>Au cours du processus de r\u00e9servation, des donn\u00e9es de navigation sont collect\u00e9es (voir la politique en mati\u00e8re de cookies).<\/li>\n<li><strong>Horaire d&rsquo;enregistrement :<\/strong> \u00e0 partir de 15h00. Si vous arrivez plus t\u00f4t, vous pouvez attendre dans les parties communes ou \u00e0 l&rsquo;ext\u00e9rieur. <\/li>\n<li><strong>Heure de d\u00e9part :<\/strong> Jusqu&rsquo;\u00e0 10h00.<\/li>\n<li><strong>Mois d&rsquo;ouverture :<\/strong> d&rsquo;avril \u00e0 octobre.<\/li>\n<li>Nous g\u00e9rons vos donn\u00e9es pour les r\u00e9servations, la facturation et les obligations l\u00e9gales (voir la politique de confidentialit\u00e9).<\/li>\n<li>Les lits r\u00e9serv\u00e9s sont dans des chambres mixtes partag\u00e9es ; Villa Vieira attribue le lit sp\u00e9cifique en fonction de l&rsquo;organisation interne.<\/li>\n<li>La r\u00e9servation sera effective apr\u00e8s confirmation \u00e0 l&rsquo;\u00e9cran et par e-mail.<\/li>\n<li>L&rsquo;<strong>enregistrement en ligne<\/strong> est possible avant l&rsquo;arriv\u00e9e ; un code d&rsquo;acc\u00e8s \u00e9lectronique vous sera envoy\u00e9.<\/li>\n<li>Une pi\u00e8ce d&rsquo;identit\u00e9 valide est exig\u00e9e lors de l&rsquo;enregistrement en ligne.<\/li>\n<li>Si le client n&rsquo;occupe pas la place avant 18h00 sans pr\u00e9avis, la r\u00e9servation sera annul\u00e9e et le montant pay\u00e9 restera acquis.<\/li>\n<li><strong>Politique d&rsquo;annulation :<\/strong>\n<ul>\n<li>Annulation plus de 7 jours \u00e0 l&rsquo;avance : remboursement \u00e0 100%.<\/li>\n<li>Annulation \u00e0 7 jours ou moins : perte du montant pay\u00e9.<\/li>\n<\/ul>\n<\/li>\n<\/ul>\n<h3>&nbsp;<\/h3>\n<h3>R\u00e8gles de coexistence et r\u00e8glement de l&rsquo;auberge<\/h3>\n<ul>\n<li>Les chambres sont \u00e9quip\u00e9es de draps, de serviettes et d&rsquo;une bouteille d&rsquo;eau gratuite.<\/li>\n<li>Salles de bains communes \u00e0 usage individuel.<\/li>\n<li>Nettoyage quotidien des installations.<\/li>\n<li>Renouvellement des draps et des serviettes apr\u00e8s le d\u00e9part ou toutes les trois nuits.<\/li>\n<li>Les dommages, d\u00e9t\u00e9riorations ou vols doivent \u00eatre indemnis\u00e9s.<\/li>\n<li>Un comportement respectueux est obligatoire.<\/li>\n<li>Heures de silence dans les chambres : de 22h00 \u00e0 8h00. Heures de silence totales : de 23h00 \u00e0 8h00. <\/li>\n<li>Il est interdit de fumer \u00e0 l&rsquo;int\u00e9rieur.<\/li>\n<li>Il est interdit de stocker ou de manger de la nourriture dans les chambres.<\/li>\n<li>Le petit d\u00e9jeuner buffet est inclus dans le tarif.<\/li>\n<li>Utilisation responsable de la cuisine et de la buanderie ; les ustensiles doivent \u00eatre laiss\u00e9s propres apr\u00e8s utilisation.<\/li>\n<li>Le service de cuisine est exclusivement r\u00e9serv\u00e9 aux h\u00f4tes.<\/li>\n<li>Wi-Fi gratuit dans toute la propri\u00e9t\u00e9.<\/li>\n<li>Il est interdit de modifier le mobilier ou d&#8217;emporter des objets \u00e0 l&rsquo;ext\u00e9rieur.<\/li>\n<li>La d\u00e9t\u00e9rioration ou le vol de textiles sera sanctionn\u00e9 (6\u20ac\/unit\u00e9).<\/li>\n<li>Nous disposons d&rsquo;une trousse de premiers secours.<\/li>\n<li>Les visiteurs ne sont pas admis, sauf autorisation expresse.<\/li>\n<li>Les animaux domestiques ne sont pas autoris\u00e9s.<\/li>\n<\/ul>\n<h3>&nbsp;<\/h3>\n<h3>Droits de l&rsquo;utilisateur<\/h3>\n<ul>\n<li>Utilisation des installations conform\u00e9ment aux conditions contractuelles.<\/li>\n<li>Recevez des informations claires et des documents d&rsquo;appui.<\/li>\n<li>Formulez des plaintes ou des r\u00e9clamations (formulaire de plainte disponible).<\/li>\n<\/ul>\n<h3>&nbsp;<\/h3>\n<h3>Obligations des utilisateurs<\/h3>\n<ul>\n<li>Respectez le r\u00e8glement int\u00e9rieur.<\/li>\n<li>Faites bon usage des installations et signalez les incidents.<\/li>\n<li>Respectez les autres clients et le personnel de l&rsquo;auberge.<\/li>\n<li>Payez les services contractuels.<\/li>\n<li>Respectez les horaires \u00e9tablis.<\/li>\n<\/ul>\n<h3>&nbsp;<\/h3>\n<h3>Plaintes<\/h3>\n<p>Un registre des plaintes est disponible. Les usagers doivent s&rsquo;identifier avec leur carte d&rsquo;identit\u00e9 ou leur passeport pour formaliser leur plainte. <\/p>\n<h3>&nbsp;<\/h3>\n<h3>H\u00e9bergement des animaux de compagnie<\/h3>\n<p><span style=\"text-align: var(--text-align); font-size: 1rem;\">Les animaux domestiques ne sont pas autoris\u00e9s dans nos locaux.<\/span><\/p>\t\t\t\t\t\t\t\t<\/div>\n\t\t\t\t<\/div>\n\t\t\t\t\t<\/div>\n\t\t\t\t<\/div>\n\t\t\t\t<\/div>\n\t\t","protected":false},"excerpt":{"rendered":"<p>La formulation et la confirmation de la r\u00e9servation impliquent l&rsquo;acceptation des pr\u00e9sentes conditions et r\u00e8gles de l&rsquo;auberge. Nous : NOM COMMERCIAL: VILLA VIEIRA RAISON SOCIALE: CAMI\u00d1O DA VIEIRA S.L. CIF : B13645114 ADRESSE DE L&rsquo;AUBERGE: ESCRAVITUDE 31 &#8211; 15980 &#8211; PADRON &#8211; A CORU\u00d1A R\u00e9servation et annulation Tous les prix s&rsquo;entendent TVA comprise. Pour r\u00e9server [&hellip;]<\/p>\n","protected":false},"author":1,"featured_media":0,"parent":0,"menu_order":0,"comment_status":"closed","ping_status":"closed","template":"","meta":{"_acf_changed":false,"footnotes":""},"class_list":["post-8982","page","type-page","status-publish","hentry"],"acf":[],"_links":{"self":[{"href":"https:\/\/villavieira.es\/fr\/wp-json\/wp\/v2\/pages\/8982","targetHints":{"allow":["GET"]}}],"collection":[{"href":"https:\/\/villavieira.es\/fr\/wp-json\/wp\/v2\/pages"}],"about":[{"href":"https:\/\/villavieira.es\/fr\/wp-json\/wp\/v2\/types\/page"}],"author":[{"embeddable":true,"href":"https:\/\/villavieira.es\/fr\/wp-json\/wp\/v2\/users\/1"}],"replies":[{"embeddable":true,"href":"https:\/\/villavieira.es\/fr\/wp-json\/wp\/v2\/comments?post=8982"}],"version-history":[{"count":2,"href":"https:\/\/villavieira.es\/fr\/wp-json\/wp\/v2\/pages\/8982\/revisions"}],"predecessor-version":[{"id":9217,"href":"https:\/\/villavieira.es\/fr\/wp-json\/wp\/v2\/pages\/8982\/revisions\/9217"}],"wp:attachment":[{"href":"https:\/\/villavieira.es\/fr\/wp-json\/wp\/v2\/media?parent=8982"}],"curies":[{"name":"wp","href":"https:\/\/api.w.org\/{rel}","templated":true}]}}